{"id":10,"date":"2023-04-25T11:27:48","date_gmt":"2023-04-25T11:27:48","guid":{"rendered":"https:\/\/holzartcreativ.ch\/?page_id=10"},"modified":"2024-03-03T19:49:26","modified_gmt":"2024-03-03T19:49:26","slug":"produkte","status":"publish","type":"page","link":"https:\/\/holzartcreativ.ch\/index.php\/produkte\/","title":{"rendered":"Produkte"},"content":{"rendered":"\n<div class=\"wp-block-cover alignfull\" style=\"min-height:300px;aspect-ratio:unset;\"><span aria-hidden=\"true\" class=\"wp-block-cover__background has-nv-site-bg-background-color has-background-dim-100 has-background-dim\"><\/span><div class=\"wp-block-cover__inner-container is-layout-flow wp-block-cover-is-layout-flow\">\n<div class=\"wp-block-group\"><div class=\"wp-block-group__inner-container is-layout-flow wp-block-group-is-layout-flow\">\n<h1 class=\"wp-block-heading has-text-align-left has-neve-text-color-color has-text-color\">Meine Holzprodukte<\/h1>\n<\/div><\/div>\n<\/div><\/div>\n\n\n\n<div class=\"wp-block-cover alignfull\" style=\"min-height:1243px;aspect-ratio:unset;\"><span aria-hidden=\"true\" class=\"wp-block-cover__background has-nv-light-bg-background-color has-background-dim-100 has-background-dim\"><\/span><div class=\"wp-block-cover__inner-container is-layout-flow wp-block-cover-is-layout-flow\">\n<div class=\"wp-block-group\"><div class=\"wp-block-group__inner-container is-layout-flow wp-block-group-is-layout-flow\">\n<div style=\"height:30px\" aria-hidden=\"true\" class=\"wp-block-spacer\"><\/div>\n\n\n\n<div class=\"wp-block-columns are-vertically-aligned-center is-layout-flex wp-container-core-columns-is-layout-9d6595d7 wp-block-columns-is-layout-flex\">\n<div class=\"wp-block-column is-vertically-aligned-center is-layout-flow wp-block-column-is-layout-flow\" style=\"flex-basis:50%\">\n<figure class=\"wp-block-image size-full\"><img loading=\"lazy\" decoding=\"async\" width=\"514\" height=\"514\" src=\"https:\/\/holzartcreativ.ch\/wp-content\/uploads\/2023\/04\/kleineMuehle-edited.jpg\" alt=\"\" class=\"wp-image-68\" srcset=\"https:\/\/holzartcreativ.ch\/wp-content\/uploads\/2023\/04\/kleineMuehle-edited.jpg 514w, https:\/\/holzartcreativ.ch\/wp-content\/uploads\/2023\/04\/kleineMuehle-edited-300x300.jpg 300w, https:\/\/holzartcreativ.ch\/wp-content\/uploads\/2023\/04\/kleineMuehle-edited-150x150.jpg 150w\" sizes=\"auto, (max-width: 514px) 100vw, 514px\" \/><\/figure>\n\n\n\n<div style=\"height:30px\" aria-hidden=\"true\" class=\"wp-block-spacer\"><\/div>\n\n\n\n<h3 class=\"wp-block-heading has-text-align-center has-neve-text-color-color has-text-color\">Pfeffer-, Salz-, Chili- und Gew\u00fcrzm\u00fchle (Keramik-Mahlwerk)<\/h3>\n\n\n\n<p class=\"has-text-align-center has-neve-text-color-color has-text-color\">Die Pfeffer-, Salz-, Chili- und Gew\u00fcrzm\u00fchle \u201eElegant\u201c hat mit der gezielten Abstufung und dem formsch\u00f6n eingepassten Edelstahlring ein aussergew\u00f6hnliches Design. Zudem ist sie mit einem Qualit\u00e4ts-Mahlwerk &#8222;crushgrind&#8220; ausgestattet. Holzart und Gr\u00f6sse ist w\u00e4hlbar.<\/p>\n\n\n\n<div class=\"wp-block-buttons is-content-justification-center is-layout-flex wp-container-core-buttons-is-layout-16018d1d wp-block-buttons-is-layout-flex\">\n<div class=\"wp-block-button is-style-primary\"><a class=\"wp-block-button__link wp-element-button\">ab 79.- CHF<\/a><\/div>\n\n\n\n<div class=\"wp-block-button is-style-primary\"><a class=\"wp-block-button__link wp-element-button\">Chili ab 89.- CHF<\/a><\/div>\n<\/div>\n\n\n\n<div style=\"height:40px\" aria-hidden=\"true\" class=\"wp-block-spacer\"><\/div>\n<\/div>\n\n\n\n<div class=\"wp-block-column is-vertically-aligned-center is-layout-flow wp-block-column-is-layout-flow\" style=\"flex-basis:50%\">\n<figure class=\"wp-block-image size-full\"><img loading=\"lazy\" decoding=\"async\" width=\"514\" height=\"514\" src=\"https:\/\/holzartcreativ.ch\/wp-content\/uploads\/2023\/04\/antik-edited.jpg\" alt=\"\" class=\"wp-image-34\" srcset=\"https:\/\/holzartcreativ.ch\/wp-content\/uploads\/2023\/04\/antik-edited.jpg 514w, https:\/\/holzartcreativ.ch\/wp-content\/uploads\/2023\/04\/antik-edited-300x300.jpg 300w, https:\/\/holzartcreativ.ch\/wp-content\/uploads\/2023\/04\/antik-edited-150x150.jpg 150w\" sizes=\"auto, (max-width: 514px) 100vw, 514px\" \/><\/figure>\n\n\n\n<div style=\"height:63px\" aria-hidden=\"true\" class=\"wp-block-spacer\"><\/div>\n\n\n\n<h3 class=\"wp-block-heading has-text-align-center has-neve-text-color-color has-text-color\">Antike Pfefferm\u00fchle<\/h3>\n\n\n\n<p class=\"has-text-align-center has-neve-text-color-color has-text-color\">Die antike Pfefferm\u00fchle ist mit einem sog. Drehmahlwerk ausgestattet und zeigt sich mit einem nostalgischen \u201eTouch\u201c in Ihrer K\u00fcche. Das Holzunterteil kann in diversen Formen hergestellt werden. Holzart ist w\u00e4hlbar.<\/p>\n\n\n\n<div class=\"wp-block-buttons is-content-justification-center is-layout-flex wp-container-core-buttons-is-layout-16018d1d wp-block-buttons-is-layout-flex\">\n<div class=\"wp-block-button is-style-primary\"><a class=\"wp-block-button__link wp-element-button\">ab 49.- CHF<\/a><\/div>\n<\/div>\n\n\n\n<div style=\"height:40px\" aria-hidden=\"true\" class=\"wp-block-spacer\"><\/div>\n<\/div>\n<\/div>\n<\/div><\/div>\n<\/div><\/div>\n\n\n\n<div class=\"wp-block-cover alignfull\" style=\"min-height:600px;aspect-ratio:unset;\"><span aria-hidden=\"true\" class=\"wp-block-cover__background has-nv-site-bg-background-color has-background-dim-100 has-background-dim\"><\/span><div class=\"wp-block-cover__inner-container is-layout-flow wp-block-cover-is-layout-flow\">\n<div class=\"wp-block-group\"><div class=\"wp-block-group__inner-container is-layout-flow wp-block-group-is-layout-flow\">\n<div style=\"height:30px\" aria-hidden=\"true\" class=\"wp-block-spacer\"><\/div>\n\n\n\n<div class=\"wp-block-columns are-vertically-aligned-center is-layout-flex wp-container-core-columns-is-layout-9d6595d7 wp-block-columns-is-layout-flex\">\n<div class=\"wp-block-column is-vertically-aligned-center is-layout-flow wp-block-column-is-layout-flow\" style=\"flex-basis:50%\">\n<figure class=\"wp-block-image size-large\"><img loading=\"lazy\" decoding=\"async\" width=\"905\" height=\"905\" src=\"https:\/\/holzartcreativ.ch\/wp-content\/uploads\/2023\/04\/millMuscat-edited.jpg\" alt=\"\" class=\"wp-image-75\" srcset=\"https:\/\/holzartcreativ.ch\/wp-content\/uploads\/2023\/04\/millMuscat-edited.jpg 905w, https:\/\/holzartcreativ.ch\/wp-content\/uploads\/2023\/04\/millMuscat-edited-300x300.jpg 300w, https:\/\/holzartcreativ.ch\/wp-content\/uploads\/2023\/04\/millMuscat-edited-150x150.jpg 150w, https:\/\/holzartcreativ.ch\/wp-content\/uploads\/2023\/04\/millMuscat-edited-768x768.jpg 768w\" sizes=\"auto, (max-width: 905px) 100vw, 905px\" \/><figcaption class=\"wp-element-caption\">SAMSUNG CAMERA PICTURES<\/figcaption><\/figure>\n\n\n\n<div style=\"height:10px\" aria-hidden=\"true\" class=\"wp-block-spacer\"><\/div>\n\n\n\n<h3 class=\"wp-block-heading has-text-align-center has-neve-text-color-color has-text-color\">Muskatnuss M\u00fchle<\/h3>\n\n\n\n<p class=\"has-text-align-center has-neve-text-color-color has-text-color\">Die Muskatnussm\u00fchle ist nicht allt\u00e4glich bzw. \u00fcberall anzutreffen. Viele Gerichte ernten jedoch durch eine Prise Muskatnuss erst die besondere, feine geschmackliche Note. Auch sind sich die K\u00f6che einig, dass durch eine geriebene Muskatnuss den Gew\u00fcrzeffekt besser zu versp\u00fcren ist. Zudem reibt die Muskatnussm\u00fchle m\u00fchelos, ohne dass Sie sich die Finger wundsch\u00fcrfen. Holzart ist w\u00e4hlbar.<\/p>\n\n\n\n<div class=\"wp-block-buttons is-content-justification-center is-layout-flex wp-container-core-buttons-is-layout-16018d1d wp-block-buttons-is-layout-flex\">\n<div class=\"wp-block-button is-style-primary\"><a class=\"wp-block-button__link wp-element-button\">ab 56.- CHF<\/a><\/div>\n<\/div>\n\n\n\n<div style=\"height:40px\" aria-hidden=\"true\" class=\"wp-block-spacer\"><\/div>\n<\/div>\n\n\n\n<div class=\"wp-block-column is-vertically-aligned-center is-layout-flow wp-block-column-is-layout-flow\" style=\"flex-basis:50%\"><div class=\"wp-block-image\">\n<figure class=\"aligncenter size-full is-resized\"><img loading=\"lazy\" decoding=\"async\" width=\"514\" height=\"720\" src=\"https:\/\/holzartcreativ.ch\/wp-content\/uploads\/2023\/04\/gross.jpg\" alt=\"\" class=\"wp-image-74\" style=\"width:425px;height:595px\" srcset=\"https:\/\/holzartcreativ.ch\/wp-content\/uploads\/2023\/04\/gross.jpg 514w, https:\/\/holzartcreativ.ch\/wp-content\/uploads\/2023\/04\/gross-214x300.jpg 214w\" sizes=\"auto, (max-width: 514px) 100vw, 514px\" \/><\/figure>\n<\/div>\n\n\n<div style=\"height:50px\" aria-hidden=\"true\" class=\"wp-block-spacer\"><\/div>\n\n\n\n<h3 class=\"wp-block-heading has-text-align-center has-neve-text-color-color has-text-color\">Pfefferm\u00fchle Gross (47cm)<\/h3>\n\n\n\n<p class=\"has-text-align-center has-neve-text-color-color has-text-color\">Ob ein Kunstwerk oder ein Alltagsgegenstand entscheidet der Kunde. Mit dieser grossen Pfefferm\u00fchle werden Sie bei ihren \u201eG\u00e4sten\u201c f\u00fcr Aufsehen sorgen. Diese Pfefferm\u00fchle ist mit einem Qualit\u00e4ts-Mahlwerk ausgestattet. Bei solchen \u201eKunstwerken\u201c sind bei den Formen keine Grenzen gesetzt. Gerne werden W\u00fcnsche entgegengenommen. Holzart ist w\u00e4hlbar.<\/p>\n\n\n\n<div class=\"wp-block-buttons is-content-justification-center is-layout-flex wp-container-core-buttons-is-layout-16018d1d wp-block-buttons-is-layout-flex\">\n<div class=\"wp-block-button is-style-primary\"><a class=\"wp-block-button__link wp-element-button\">ab 140.- CHF<\/a><\/div>\n<\/div>\n\n\n\n<div style=\"height:40px\" aria-hidden=\"true\" class=\"wp-block-spacer\"><\/div>\n<\/div>\n<\/div>\n\n\n\n<div style=\"height:40px\" aria-hidden=\"true\" class=\"wp-block-spacer\"><\/div>\n<\/div><\/div>\n<\/div><\/div>\n\n\n\n<div class=\"wp-block-cover alignfull\" style=\"min-height:1243px;aspect-ratio:unset;\"><span aria-hidden=\"true\" class=\"wp-block-cover__background has-nv-light-bg-background-color has-background-dim-100 has-background-dim\"><\/span><div class=\"wp-block-cover__inner-container is-layout-flow wp-block-cover-is-layout-flow\">\n<div class=\"wp-block-group\"><div class=\"wp-block-group__inner-container is-layout-flow wp-block-group-is-layout-flow\">\n<div style=\"height:30px\" aria-hidden=\"true\" class=\"wp-block-spacer\"><\/div>\n\n\n\n<div class=\"wp-block-columns are-vertically-aligned-center is-layout-flex wp-container-core-columns-is-layout-9d6595d7 wp-block-columns-is-layout-flex\">\n<div class=\"wp-block-column is-vertically-aligned-center is-layout-flow wp-block-column-is-layout-flow\" style=\"flex-basis:50%\">\n<figure class=\"wp-block-image size-full\"><img loading=\"lazy\" decoding=\"async\" width=\"720\" height=\"720\" src=\"https:\/\/holzartcreativ.ch\/wp-content\/uploads\/2023\/04\/DSC_4131-edited.jpg\" alt=\"\" class=\"wp-image-80\" srcset=\"https:\/\/holzartcreativ.ch\/wp-content\/uploads\/2023\/04\/DSC_4131-edited.jpg 720w, https:\/\/holzartcreativ.ch\/wp-content\/uploads\/2023\/04\/DSC_4131-edited-300x300.jpg 300w, https:\/\/holzartcreativ.ch\/wp-content\/uploads\/2023\/04\/DSC_4131-edited-150x150.jpg 150w\" sizes=\"auto, (max-width: 720px) 100vw, 720px\" \/><\/figure>\n\n\n\n<div style=\"height:14px\" aria-hidden=\"true\" class=\"wp-block-spacer\"><\/div>\n\n\n\n<h3 class=\"wp-block-heading has-text-align-center has-neve-text-color-color has-text-color\">Dreh-Kugelschreiber<\/h3>\n\n\n\n<p class=\"has-text-align-center has-neve-text-color-color has-text-color\">Die edlen Kugelschreiber sind alle mit einer herk\u00f6mmlichen Mine ausgestattet. Bei s\u00e4mtlichen Schreibern ist eine formsch\u00f6ne Gravur m\u00f6glich. Ebenfalls ist eine Auswahl zu diversen Oberfl\u00e4chen wie z.B. vergoldet, verchromt oder br\u00fcniert. Der Dreh-Kugelschreiber ist als Geschenkartikel sehr beliebt. Holzart ist w\u00e4hlbar.<\/p>\n\n\n\n<div class=\"wp-block-buttons is-content-justification-center is-layout-flex wp-container-core-buttons-is-layout-16018d1d wp-block-buttons-is-layout-flex\">\n<div class=\"wp-block-button is-style-primary\"><a class=\"wp-block-button__link wp-element-button\">ab 29.- CHF<\/a><\/div>\n<\/div>\n\n\n\n<div style=\"height:40px\" aria-hidden=\"true\" class=\"wp-block-spacer\"><\/div>\n<\/div>\n\n\n\n<div class=\"wp-block-column is-vertically-aligned-center is-layout-flow wp-block-column-is-layout-flow\" style=\"flex-basis:50%\">\n<figure class=\"wp-block-image size-full\"><img loading=\"lazy\" decoding=\"async\" width=\"720\" height=\"720\" src=\"https:\/\/holzartcreativ.ch\/wp-content\/uploads\/2023\/04\/DSC_4130-edited.jpg\" alt=\"\" class=\"wp-image-81\" srcset=\"https:\/\/holzartcreativ.ch\/wp-content\/uploads\/2023\/04\/DSC_4130-edited.jpg 720w, https:\/\/holzartcreativ.ch\/wp-content\/uploads\/2023\/04\/DSC_4130-edited-300x300.jpg 300w, https:\/\/holzartcreativ.ch\/wp-content\/uploads\/2023\/04\/DSC_4130-edited-150x150.jpg 150w\" sizes=\"auto, (max-width: 720px) 100vw, 720px\" \/><\/figure>\n\n\n\n<div style=\"height:71px\" aria-hidden=\"true\" class=\"wp-block-spacer\"><\/div>\n\n\n\n<h3 class=\"wp-block-heading has-text-align-center has-neve-text-color-color has-text-color\">Klick-Kugelschreiber<\/h3>\n\n\n\n<p class=\"has-text-align-center has-neve-text-color-color has-text-color\"><br>Die Kugelschreiber sind in verschiedenen Ausf\u00fchrungen erh\u00e4ltlich und mit einer grossen Mine ausgestattet. Holzart ist w\u00e4hlbar.<\/p>\n\n\n\n<div class=\"wp-block-buttons is-content-justification-center is-layout-flex wp-container-core-buttons-is-layout-16018d1d wp-block-buttons-is-layout-flex\">\n<div class=\"wp-block-button is-style-primary\"><a class=\"wp-block-button__link wp-element-button\">ab 44.- CHF<\/a><\/div>\n<\/div>\n\n\n\n<div style=\"height:40px\" aria-hidden=\"true\" class=\"wp-block-spacer\"><\/div>\n<\/div>\n<\/div>\n<\/div><\/div>\n<\/div><\/div>\n\n\n\n<div class=\"wp-block-cover alignfull\" style=\"min-height:1589px;aspect-ratio:unset;\"><span aria-hidden=\"true\" class=\"wp-block-cover__background has-nv-site-bg-background-color has-background-dim-100 has-background-dim\"><\/span><div class=\"wp-block-cover__inner-container is-layout-flow wp-block-cover-is-layout-flow\">\n<div class=\"wp-block-group\"><div class=\"wp-block-group__inner-container is-layout-flow wp-block-group-is-layout-flow\">\n<div style=\"height:30px\" aria-hidden=\"true\" class=\"wp-block-spacer\"><\/div>\n\n\n\n<div class=\"wp-block-columns are-vertically-aligned-center is-layout-flex wp-container-core-columns-is-layout-9d6595d7 wp-block-columns-is-layout-flex\">\n<div class=\"wp-block-column is-vertically-aligned-center is-layout-flow wp-block-column-is-layout-flow\" style=\"flex-basis:50%\">\n<figure class=\"wp-block-image size-large\"><img loading=\"lazy\" decoding=\"async\" width=\"720\" height=\"720\" src=\"https:\/\/holzartcreativ.ch\/wp-content\/uploads\/2023\/04\/DSC_4133-edited.jpg\" alt=\"\" class=\"wp-image-85\" srcset=\"https:\/\/holzartcreativ.ch\/wp-content\/uploads\/2023\/04\/DSC_4133-edited.jpg 720w, https:\/\/holzartcreativ.ch\/wp-content\/uploads\/2023\/04\/DSC_4133-edited-300x300.jpg 300w, https:\/\/holzartcreativ.ch\/wp-content\/uploads\/2023\/04\/DSC_4133-edited-150x150.jpg 150w\" sizes=\"auto, (max-width: 720px) 100vw, 720px\" \/><figcaption class=\"wp-element-caption\">SAMSUNG CAMERA PICTURES<\/figcaption><\/figure>\n\n\n\n<div style=\"height:10px\" aria-hidden=\"true\" class=\"wp-block-spacer\"><\/div>\n\n\n\n<h3 class=\"wp-block-heading has-text-align-center has-neve-text-color-color has-text-color\">F\u00fcllfederhalter und Rollerball<\/h3>\n\n\n\n<p class=\"has-text-align-center has-neve-text-color-color has-text-color\">Welcher F\u00fcllfederhalter ist der richtige f\u00fcr mich? Wenn Sie sich diese Frage stellen sind Sie genau richtig. Ich zeige Ihnen sehr gern welche Technologien, welche Materialien richtig sind. Bei meinen handgefertigten F\u00fcller und Roller verbinden die eleganten Formen &#8211; mit den warmen Holzausstrahlungen &#8211; einen besonderen Stil. Die F\u00fcller und Roller sind alle Unikate. Die Holzauswahl treffe ich mit viel Zeitaufwand; lohnt sich aber immer. Bei den Federn verwende ich vorwiegend 14-\/18- und 22-kar\u00e4tige Goldfedern mit einer Iridiumspitze. Bei den Federbreiten sind bei den meisten Modellen die Breiten \u201eF\u201c (fein), \u201eM\u201c (mittel), \u201eB\u201c (breit) erh\u00e4ltlich. Selbstverst\u00e4ndlich kann ich Ihnen den F\u00fcllfederhalter und der Rollerball in einem Set herstellen und in einer wundersch\u00f6nen Geschenkverpackung anbieten. <\/p>\n\n\n\n<p class=\"has-text-align-center has-neve-text-color-color has-text-color\">Kalligraphie-Set<br>Ebenfalls kann ich Ihnen ein sehr sch\u00f6nes \u201eVersuchs\u201c-Kaligraphie-Set anbieten.<\/p>\n\n\n\n<p class=\"has-text-align-center has-neve-text-color-color has-text-color\">Namensgravur<br>Auch eine Namensgravur ist bei hellen H\u00f6lzern immer m\u00f6glich.<\/p>\n\n\n\n<div class=\"wp-block-buttons is-content-justification-center is-layout-flex wp-container-core-buttons-is-layout-16018d1d wp-block-buttons-is-layout-flex\">\n<div class=\"wp-block-button is-style-primary\"><a class=\"wp-block-button__link wp-element-button\">ab 60.- CHF<\/a><\/div>\n<\/div>\n\n\n\n<div style=\"height:40px\" aria-hidden=\"true\" class=\"wp-block-spacer\"><\/div>\n<\/div>\n\n\n\n<div class=\"wp-block-column is-vertically-aligned-center is-layout-flow wp-block-column-is-layout-flow\" style=\"flex-basis:50%\"><div class=\"wp-block-image\">\n<figure class=\"aligncenter size-large\"><img loading=\"lazy\" decoding=\"async\" width=\"723\" height=\"1024\" src=\"https:\/\/holzartcreativ.ch\/wp-content\/uploads\/2023\/04\/salad-723x1024.jpg\" alt=\"\" class=\"wp-image-86\" srcset=\"https:\/\/holzartcreativ.ch\/wp-content\/uploads\/2023\/04\/salad-723x1024.jpg 723w, https:\/\/holzartcreativ.ch\/wp-content\/uploads\/2023\/04\/salad-212x300.jpg 212w, https:\/\/holzartcreativ.ch\/wp-content\/uploads\/2023\/04\/salad-768x1087.jpg 768w, https:\/\/holzartcreativ.ch\/wp-content\/uploads\/2023\/04\/salad.jpg 904w\" sizes=\"auto, (max-width: 723px) 100vw, 723px\" \/><figcaption class=\"wp-element-caption\">SAMSUNG CAMERA PICTURES<\/figcaption><\/figure>\n<\/div>\n\n\n<div style=\"height:0px\" aria-hidden=\"true\" class=\"wp-block-spacer\"><\/div>\n\n\n\n<h3 class=\"wp-block-heading has-text-align-center has-neve-text-color-color has-text-color\">Salatbesteck<\/h3>\n\n\n\n<div class=\"wp-block-buttons is-content-justification-center is-layout-flex wp-container-core-buttons-is-layout-16018d1d wp-block-buttons-is-layout-flex\">\n<div class=\"wp-block-button is-style-primary\"><a class=\"wp-block-button__link wp-element-button\">ab 24.- CHF<\/a><\/div>\n<\/div>\n\n\n\n<div style=\"height:40px\" aria-hidden=\"true\" class=\"wp-block-spacer\"><\/div>\n<\/div>\n<\/div>\n\n\n\n<div style=\"height:0px\" aria-hidden=\"true\" class=\"wp-block-spacer\"><\/div>\n<\/div><\/div>\n<\/div><\/div>\n\n\n\n<div class=\"wp-block-cover alignfull\" style=\"min-height:748px;aspect-ratio:unset;\"><span aria-hidden=\"true\" class=\"wp-block-cover__background has-nv-light-bg-background-color has-background-dim-100 has-background-dim\"><\/span><div class=\"wp-block-cover__inner-container is-layout-flow wp-block-cover-is-layout-flow\">\n<div class=\"wp-block-group\"><div class=\"wp-block-group__inner-container is-layout-flow wp-block-group-is-layout-flow\">\n<h3 class=\"wp-block-heading has-text-align-center has-neve-text-color-color has-text-color\">Schneidebretter<\/h3>\n\n\n\n<div class=\"wp-block-columns are-vertically-aligned-center is-layout-flex wp-container-core-columns-is-layout-9d6595d7 wp-block-columns-is-layout-flex\">\n<div class=\"wp-block-column is-vertically-aligned-center is-layout-flow wp-block-column-is-layout-flow\" style=\"flex-basis:50%\">\n<figure class=\"wp-block-image size-large\"><img loading=\"lazy\" decoding=\"async\" width=\"1024\" height=\"768\" src=\"https:\/\/holzartcreativ.ch\/wp-content\/uploads\/2023\/04\/Schneidebrett-2-1024x768.jpg\" alt=\"\" class=\"wp-image-87\" srcset=\"https:\/\/holzartcreativ.ch\/wp-content\/uploads\/2023\/04\/Schneidebrett-2-1024x768.jpg 1024w, https:\/\/holzartcreativ.ch\/wp-content\/uploads\/2023\/04\/Schneidebrett-2-300x225.jpg 300w, https:\/\/holzartcreativ.ch\/wp-content\/uploads\/2023\/04\/Schneidebrett-2-768x576.jpg 768w, https:\/\/holzartcreativ.ch\/wp-content\/uploads\/2023\/04\/Schneidebrett-2-1536x1152.jpg 1536w, https:\/\/holzartcreativ.ch\/wp-content\/uploads\/2023\/04\/Schneidebrett-2-2048x1536.jpg 2048w\" sizes=\"auto, (max-width: 1024px) 100vw, 1024px\" \/><\/figure>\n<\/div>\n\n\n\n<div class=\"wp-block-column is-vertically-aligned-center is-layout-flow wp-block-column-is-layout-flow\" style=\"flex-basis:50%\">\n<figure class=\"wp-block-image size-large\"><img loading=\"lazy\" decoding=\"async\" width=\"1024\" height=\"768\" src=\"https:\/\/holzartcreativ.ch\/wp-content\/uploads\/2023\/04\/Schneidebrett-1-1024x768.jpg\" alt=\"\" class=\"wp-image-88\" srcset=\"https:\/\/holzartcreativ.ch\/wp-content\/uploads\/2023\/04\/Schneidebrett-1-1024x768.jpg 1024w, https:\/\/holzartcreativ.ch\/wp-content\/uploads\/2023\/04\/Schneidebrett-1-300x225.jpg 300w, https:\/\/holzartcreativ.ch\/wp-content\/uploads\/2023\/04\/Schneidebrett-1-768x576.jpg 768w, https:\/\/holzartcreativ.ch\/wp-content\/uploads\/2023\/04\/Schneidebrett-1-1536x1152.jpg 1536w, https:\/\/holzartcreativ.ch\/wp-content\/uploads\/2023\/04\/Schneidebrett-1-2048x1536.jpg 2048w\" sizes=\"auto, (max-width: 1024px) 100vw, 1024px\" \/><\/figure>\n<\/div>\n<\/div>\n\n\n\n<p class=\"has-text-align-center has-neve-text-color-color has-text-color\">Bei den Schneidebrettern sind bez\u00fcglich Form keine Grenzen gesetzt.<\/p>\n\n\n\n<div class=\"wp-block-buttons is-content-justification-center is-layout-flex wp-container-core-buttons-is-layout-16018d1d wp-block-buttons-is-layout-flex\">\n<div class=\"wp-block-button is-style-primary\"><a class=\"wp-block-button__link wp-element-button\">ab 54.- CHF<\/a><\/div>\n<\/div>\n<\/div><\/div>\n<\/div><\/div>\n\n\n\n<div class=\"wp-block-cover alignfull\" style=\"min-height:600px;aspect-ratio:unset;\"><span aria-hidden=\"true\" class=\"wp-block-cover__background has-nv-site-bg-background-color has-background-dim-100 has-background-dim\"><\/span><div class=\"wp-block-cover__inner-container is-layout-flow wp-block-cover-is-layout-flow\">\n<div class=\"wp-block-group\"><div class=\"wp-block-group__inner-container is-layout-flow wp-block-group-is-layout-flow\">\n<div style=\"height:30px\" aria-hidden=\"true\" class=\"wp-block-spacer\"><\/div>\n\n\n\n<div class=\"wp-block-columns are-vertically-aligned-center is-layout-flex wp-container-core-columns-is-layout-9d6595d7 wp-block-columns-is-layout-flex\">\n<div class=\"wp-block-column is-vertically-aligned-center is-layout-flow wp-block-column-is-layout-flow\" style=\"flex-basis:50%\">\n<figure class=\"wp-block-image size-full\"><img loading=\"lazy\" decoding=\"async\" width=\"720\" height=\"720\" src=\"https:\/\/holzartcreativ.ch\/wp-content\/uploads\/2023\/04\/DSC_4145-edited.jpg\" alt=\"\" class=\"wp-image-91\" srcset=\"https:\/\/holzartcreativ.ch\/wp-content\/uploads\/2023\/04\/DSC_4145-edited.jpg 720w, https:\/\/holzartcreativ.ch\/wp-content\/uploads\/2023\/04\/DSC_4145-edited-300x300.jpg 300w, https:\/\/holzartcreativ.ch\/wp-content\/uploads\/2023\/04\/DSC_4145-edited-150x150.jpg 150w\" sizes=\"auto, (max-width: 720px) 100vw, 720px\" \/><figcaption class=\"wp-element-caption\">SAMSUNG CAMERA PICTURES<\/figcaption><\/figure>\n\n\n\n<div style=\"height:20px\" aria-hidden=\"true\" class=\"wp-block-spacer\"><\/div>\n\n\n\n<h3 class=\"wp-block-heading has-text-align-center has-neve-text-color-color has-text-color\">Schalen<\/h3>\n\n\n\n<p class=\"has-text-align-center has-neve-text-color-color has-text-color\">Jede Holzschale ist ein Unikat, welche mit sehr viel Freude gedrechselt wird. Die Schalen werden nach Ihren W\u00fcnschen hergestellt und k\u00f6nnen sehr moderne oder leichte Formen aufweisen. Die Schalen eignen sich als Deko-Objekt aber auch f\u00fcr den allt\u00e4glichen Gebrauch. Meine Schalen produziere ich aus einem St\u00fcck Holz; keine verleimte Ware. So liegt Ihr Brot und Obst auf einem reinen Naturprodukt. Das Holz habe ich aus der Region.<\/p>\n\n\n\n<div class=\"wp-block-buttons is-content-justification-center is-layout-flex wp-container-core-buttons-is-layout-16018d1d wp-block-buttons-is-layout-flex\">\n<div class=\"wp-block-button is-style-primary\"><a class=\"wp-block-button__link wp-element-button\">auf Anfrage<\/a><\/div>\n<\/div>\n\n\n\n<div style=\"height:40px\" aria-hidden=\"true\" class=\"wp-block-spacer\"><\/div>\n<\/div>\n\n\n\n<div class=\"wp-block-column is-vertically-aligned-center is-layout-flow wp-block-column-is-layout-flow\" style=\"flex-basis:50%\"><div class=\"wp-block-image\">\n<figure class=\"aligncenter size-full\"><img loading=\"lazy\" decoding=\"async\" width=\"720\" height=\"720\" src=\"https:\/\/holzartcreativ.ch\/wp-content\/uploads\/2023\/04\/DSC_4119-edited.jpg\" alt=\"\" class=\"wp-image-92\" srcset=\"https:\/\/holzartcreativ.ch\/wp-content\/uploads\/2023\/04\/DSC_4119-edited.jpg 720w, https:\/\/holzartcreativ.ch\/wp-content\/uploads\/2023\/04\/DSC_4119-edited-300x300.jpg 300w, https:\/\/holzartcreativ.ch\/wp-content\/uploads\/2023\/04\/DSC_4119-edited-150x150.jpg 150w\" sizes=\"auto, (max-width: 720px) 100vw, 720px\" \/><\/figure>\n<\/div>\n\n\n<div style=\"height:10px\" aria-hidden=\"true\" class=\"wp-block-spacer\"><\/div>\n\n\n\n<h3 class=\"wp-block-heading has-text-align-center has-neve-text-color-color has-text-color\">Damastmesser<\/h3>\n\n\n\n<p class=\"has-text-align-center has-neve-text-color-color has-text-color\">Damastmesser geh\u00f6ren zu den hochwertigsten Schneidewerkzeugen, die es gibt. Sie zeichnen sich nicht nur durch eine einzigartige Optik aus, sondern ebenso durch hervorragende Schneideeigenschaften. Daher erfreuen sich Messer aus Damaszener-Stahl sowohl bei Profi- und Hobbyk\u00f6chen als auch im Outdoor-Segment und bei Sammlern einer grossen Beliebtheit. Unsere Damastmesser sind in einer hochwertigen Qualit\u00e4t. Die Klingen beziehe ich von der Messerschmiede Jan Krauter in Langhagen (D). Garantiert sind 120 + Lagen, gewellt ca. 200 Lagen. Den Stahl habe ich in zwei Sorten: a) 1.2063 sehr hart (bis 67 HRC), b) 15N20, 2 % Nickelanteil f\u00fcr Kontrast (sehr z\u00e4h). Der Stahl ist sehr gut zum Sch\u00e4rfen. Es sind Kohlenst\u00e4hle, somit nicht rostfrei. Der Holz-Haltegriff stellt mir ein Kollege in aufw\u00e4ndiger Handarbeit her.<\/p>\n\n\n\n<div class=\"wp-block-buttons is-content-justification-center is-layout-flex wp-container-core-buttons-is-layout-16018d1d wp-block-buttons-is-layout-flex\">\n<div class=\"wp-block-button is-style-primary\"><a class=\"wp-block-button__link wp-element-button\">auf Anfrage<\/a><\/div>\n<\/div>\n\n\n\n<div style=\"height:40px\" aria-hidden=\"true\" class=\"wp-block-spacer\"><\/div>\n<\/div>\n<\/div>\n<\/div><\/div>\n<\/div><\/div>\n\n\n\n<div class=\"wp-block-cover alignfull\" style=\"min-height:1243px;aspect-ratio:unset;\"><span aria-hidden=\"true\" class=\"wp-block-cover__background has-nv-light-bg-background-color has-background-dim-100 has-background-dim\"><\/span><div class=\"wp-block-cover__inner-container is-layout-flow wp-block-cover-is-layout-flow\">\n<div class=\"wp-block-group\"><div class=\"wp-block-group__inner-container is-layout-flow wp-block-group-is-layout-flow\">\n<div style=\"height:30px\" aria-hidden=\"true\" class=\"wp-block-spacer\"><\/div>\n\n\n\n<div class=\"wp-block-columns are-vertically-aligned-center is-layout-flex wp-container-core-columns-is-layout-9d6595d7 wp-block-columns-is-layout-flex\">\n<div class=\"wp-block-column is-vertically-aligned-center is-layout-flow wp-block-column-is-layout-flow\" style=\"flex-basis:50%\"><div class=\"wp-block-image\">\n<figure class=\"aligncenter size-full\"><img loading=\"lazy\" decoding=\"async\" width=\"290\" height=\"720\" src=\"https:\/\/holzartcreativ.ch\/wp-content\/uploads\/2023\/04\/DSC_4148.jpg\" alt=\"\" class=\"wp-image-95\" srcset=\"https:\/\/holzartcreativ.ch\/wp-content\/uploads\/2023\/04\/DSC_4148.jpg 290w, https:\/\/holzartcreativ.ch\/wp-content\/uploads\/2023\/04\/DSC_4148-121x300.jpg 121w\" sizes=\"auto, (max-width: 290px) 100vw, 290px\" \/><\/figure>\n<\/div>\n\n\n<div style=\"height:20px\" aria-hidden=\"true\" class=\"wp-block-spacer\"><\/div>\n\n\n\n<h3 class=\"wp-block-heading has-text-align-center has-neve-text-color-color has-text-color\">Holzs\u00e4ulen<\/h3>\n\n\n\n<p class=\"has-text-align-center has-neve-text-color-color has-text-color\">Die Holzs\u00e4ulen werden aus einem massiven Stamm geschnitten, anschliessend getrocknet und geb\u00fcrstet. Somit stellt jede S\u00e4ule ein Unikat dar und ist einzigartig in Farbton, Maserung und allenfalls in der Rissbildung. Je nach Wunsch k\u00f6nnen die S\u00e4ulen verschieden eingesetzt werden. Wir helfen Ihnen sehr gerne, Ihre Idee umzusetzen.<\/p>\n\n\n\n<div class=\"wp-block-buttons is-content-justification-center is-layout-flex wp-container-core-buttons-is-layout-16018d1d wp-block-buttons-is-layout-flex\">\n<div class=\"wp-block-button is-style-primary\"><a class=\"wp-block-button__link wp-element-button\">auf Anfrage<\/a><\/div>\n<\/div>\n\n\n\n<div style=\"height:40px\" aria-hidden=\"true\" class=\"wp-block-spacer\"><\/div>\n<\/div>\n\n\n\n<div class=\"wp-block-column is-vertically-aligned-center is-layout-flow wp-block-column-is-layout-flow\" style=\"flex-basis:50%\">\n<figure class=\"wp-block-image size-large\"><img loading=\"lazy\" decoding=\"async\" width=\"905\" height=\"905\" src=\"https:\/\/holzartcreativ.ch\/wp-content\/uploads\/2023\/04\/water-edited.jpg\" alt=\"\" class=\"wp-image-97\" srcset=\"https:\/\/holzartcreativ.ch\/wp-content\/uploads\/2023\/04\/water-edited.jpg 905w, https:\/\/holzartcreativ.ch\/wp-content\/uploads\/2023\/04\/water-edited-300x300.jpg 300w, https:\/\/holzartcreativ.ch\/wp-content\/uploads\/2023\/04\/water-edited-150x150.jpg 150w, https:\/\/holzartcreativ.ch\/wp-content\/uploads\/2023\/04\/water-edited-768x768.jpg 768w\" sizes=\"auto, (max-width: 905px) 100vw, 905px\" \/><\/figure>\n\n\n\n<div style=\"height:63px\" aria-hidden=\"true\" class=\"wp-block-spacer\"><\/div>\n\n\n\n<h3 class=\"wp-block-heading has-text-align-center has-neve-text-color-color has-text-color\">Wasserkaraffe mit Arvenkugel<\/h3>\n\n\n\n<div class=\"wp-block-buttons is-content-justification-center is-layout-flex wp-container-core-buttons-is-layout-16018d1d wp-block-buttons-is-layout-flex\">\n<div class=\"wp-block-button is-style-primary\"><a class=\"wp-block-button__link wp-element-button\">ab 36.- CHF<\/a><\/div>\n<\/div>\n\n\n\n<div style=\"height:40px\" aria-hidden=\"true\" class=\"wp-block-spacer\"><\/div>\n<\/div>\n<\/div>\n<\/div><\/div>\n<\/div><\/div>\n","protected":false},"excerpt":{"rendered":"","protected":false},"author":1,"featured_media":0,"parent":0,"menu_order":0,"comment_status":"closed","ping_status":"closed","template":"","meta":{"neve_meta_sidebar":"","neve_meta_container":"","neve_meta_enable_content_width":"on","neve_meta_content_width":100,"neve_meta_title_alignment":"","neve_meta_author_avatar":"","neve_post_elements_order":"","neve_meta_disable_header":"","neve_meta_disable_footer":"","neve_meta_disable_title":"on","footnotes":""},"class_list":["post-10","page","type-page","status-publish","hentry"],"yoast_head":"<!-- This site is optimized with the Yoast SEO plugin v22.2 - https:\/\/yoast.com\/wordpress\/plugins\/seo\/ -->\n<title>Produkte - holzART creativ<\/title>\n<meta name=\"robots\" content=\"index, follow, max-snippet:-1, max-image-preview:large, max-video-preview:-1\" \/>\n<link rel=\"canonical\" href=\"https:\/\/holzartcreativ.ch\/index.php\/produkte\/\" \/>\n<meta property=\"og:locale\" content=\"de_DE\" \/>\n<meta property=\"og:type\" content=\"article\" \/>\n<meta property=\"og:title\" content=\"Produkte - holzART creativ\" \/>\n<meta property=\"og:url\" content=\"https:\/\/holzartcreativ.ch\/index.php\/produkte\/\" \/>\n<meta property=\"og:site_name\" content=\"holzART creativ\" \/>\n<meta property=\"article:modified_time\" content=\"2024-03-03T19:49:26+00:00\" \/>\n<meta property=\"og:image\" content=\"https:\/\/holzartcreativ.ch\/wp-content\/uploads\/2023\/04\/kleineMuehle-edited.jpg\" \/>\n<meta name=\"twitter:card\" content=\"summary_large_image\" \/>\n<meta name=\"twitter:label1\" content=\"Gesch\u00e4tzte Lesezeit\" \/>\n\t<meta name=\"twitter:data1\" content=\"7\u00a0Minuten\" \/>\n<script type=\"application\/ld+json\" class=\"yoast-schema-graph\">{\"@context\":\"https:\/\/schema.org\",\"@graph\":[{\"@type\":\"WebPage\",\"@id\":\"https:\/\/holzartcreativ.ch\/index.php\/produkte\/\",\"url\":\"https:\/\/holzartcreativ.ch\/index.php\/produkte\/\",\"name\":\"Produkte - holzART creativ\",\"isPartOf\":{\"@id\":\"https:\/\/holzartcreativ.ch\/#website\"},\"primaryImageOfPage\":{\"@id\":\"https:\/\/holzartcreativ.ch\/index.php\/produkte\/#primaryimage\"},\"image\":{\"@id\":\"https:\/\/holzartcreativ.ch\/index.php\/produkte\/#primaryimage\"},\"thumbnailUrl\":\"https:\/\/holzartcreativ.ch\/wp-content\/uploads\/2023\/04\/kleineMuehle-edited.jpg\",\"datePublished\":\"2023-04-25T11:27:48+00:00\",\"dateModified\":\"2024-03-03T19:49:26+00:00\",\"breadcrumb\":{\"@id\":\"https:\/\/holzartcreativ.ch\/index.php\/produkte\/#breadcrumb\"},\"inLanguage\":\"de\",\"potentialAction\":[{\"@type\":\"ReadAction\",\"target\":[\"https:\/\/holzartcreativ.ch\/index.php\/produkte\/\"]}]},{\"@type\":\"ImageObject\",\"inLanguage\":\"de\",\"@id\":\"https:\/\/holzartcreativ.ch\/index.php\/produkte\/#primaryimage\",\"url\":\"https:\/\/holzartcreativ.ch\/wp-content\/uploads\/2023\/04\/kleineMuehle-edited.jpg\",\"contentUrl\":\"https:\/\/holzartcreativ.ch\/wp-content\/uploads\/2023\/04\/kleineMuehle-edited.jpg\",\"width\":514,\"height\":514},{\"@type\":\"BreadcrumbList\",\"@id\":\"https:\/\/holzartcreativ.ch\/index.php\/produkte\/#breadcrumb\",\"itemListElement\":[{\"@type\":\"ListItem\",\"position\":1,\"name\":\"Startseite\",\"item\":\"https:\/\/holzartcreativ.ch\/\"},{\"@type\":\"ListItem\",\"position\":2,\"name\":\"Produkte\"}]},{\"@type\":\"WebSite\",\"@id\":\"https:\/\/holzartcreativ.ch\/#website\",\"url\":\"https:\/\/holzartcreativ.ch\/\",\"name\":\"holzART creativ\",\"description\":\"Wir sehen das Sch\u00f6ne im Holz\",\"publisher\":{\"@id\":\"https:\/\/holzartcreativ.ch\/#organization\"},\"potentialAction\":[{\"@type\":\"SearchAction\",\"target\":{\"@type\":\"EntryPoint\",\"urlTemplate\":\"https:\/\/holzartcreativ.ch\/?s={search_term_string}\"},\"query-input\":\"required name=search_term_string\"}],\"inLanguage\":\"de\"},{\"@type\":\"Organization\",\"@id\":\"https:\/\/holzartcreativ.ch\/#organization\",\"name\":\"holzART creativ\",\"url\":\"https:\/\/holzartcreativ.ch\/\",\"logo\":{\"@type\":\"ImageObject\",\"inLanguage\":\"de\",\"@id\":\"https:\/\/holzartcreativ.ch\/#\/schema\/logo\/image\/\",\"url\":\"\",\"contentUrl\":\"\",\"caption\":\"holzART creativ\"},\"image\":{\"@id\":\"https:\/\/holzartcreativ.ch\/#\/schema\/logo\/image\/\"}}]}<\/script>\n<!-- \/ Yoast SEO plugin. -->","yoast_head_json":{"title":"Produkte - holzART creativ","robots":{"index":"index","follow":"follow","max-snippet":"max-snippet:-1","max-image-preview":"max-image-preview:large","max-video-preview":"max-video-preview:-1"},"canonical":"https:\/\/holzartcreativ.ch\/index.php\/produkte\/","og_locale":"de_DE","og_type":"article","og_title":"Produkte - holzART creativ","og_url":"https:\/\/holzartcreativ.ch\/index.php\/produkte\/","og_site_name":"holzART creativ","article_modified_time":"2024-03-03T19:49:26+00:00","og_image":[{"url":"https:\/\/holzartcreativ.ch\/wp-content\/uploads\/2023\/04\/kleineMuehle-edited.jpg"}],"twitter_card":"summary_large_image","twitter_misc":{"Gesch\u00e4tzte Lesezeit":"7\u00a0Minuten"},"schema":{"@context":"https:\/\/schema.org","@graph":[{"@type":"WebPage","@id":"https:\/\/holzartcreativ.ch\/index.php\/produkte\/","url":"https:\/\/holzartcreativ.ch\/index.php\/produkte\/","name":"Produkte - holzART creativ","isPartOf":{"@id":"https:\/\/holzartcreativ.ch\/#website"},"primaryImageOfPage":{"@id":"https:\/\/holzartcreativ.ch\/index.php\/produkte\/#primaryimage"},"image":{"@id":"https:\/\/holzartcreativ.ch\/index.php\/produkte\/#primaryimage"},"thumbnailUrl":"https:\/\/holzartcreativ.ch\/wp-content\/uploads\/2023\/04\/kleineMuehle-edited.jpg","datePublished":"2023-04-25T11:27:48+00:00","dateModified":"2024-03-03T19:49:26+00:00","breadcrumb":{"@id":"https:\/\/holzartcreativ.ch\/index.php\/produkte\/#breadcrumb"},"inLanguage":"de","potentialAction":[{"@type":"ReadAction","target":["https:\/\/holzartcreativ.ch\/index.php\/produkte\/"]}]},{"@type":"ImageObject","inLanguage":"de","@id":"https:\/\/holzartcreativ.ch\/index.php\/produkte\/#primaryimage","url":"https:\/\/holzartcreativ.ch\/wp-content\/uploads\/2023\/04\/kleineMuehle-edited.jpg","contentUrl":"https:\/\/holzartcreativ.ch\/wp-content\/uploads\/2023\/04\/kleineMuehle-edited.jpg","width":514,"height":514},{"@type":"BreadcrumbList","@id":"https:\/\/holzartcreativ.ch\/index.php\/produkte\/#breadcrumb","itemListElement":[{"@type":"ListItem","position":1,"name":"Startseite","item":"https:\/\/holzartcreativ.ch\/"},{"@type":"ListItem","position":2,"name":"Produkte"}]},{"@type":"WebSite","@id":"https:\/\/holzartcreativ.ch\/#website","url":"https:\/\/holzartcreativ.ch\/","name":"holzART creativ","description":"Wir sehen das Sch\u00f6ne im Holz","publisher":{"@id":"https:\/\/holzartcreativ.ch\/#organization"},"potentialAction":[{"@type":"SearchAction","target":{"@type":"EntryPoint","urlTemplate":"https:\/\/holzartcreativ.ch\/?s={search_term_string}"},"query-input":"required name=search_term_string"}],"inLanguage":"de"},{"@type":"Organization","@id":"https:\/\/holzartcreativ.ch\/#organization","name":"holzART creativ","url":"https:\/\/holzartcreativ.ch\/","logo":{"@type":"ImageObject","inLanguage":"de","@id":"https:\/\/holzartcreativ.ch\/#\/schema\/logo\/image\/","url":"","contentUrl":"","caption":"holzART creativ"},"image":{"@id":"https:\/\/holzartcreativ.ch\/#\/schema\/logo\/image\/"}}]}},"jetpack_sharing_enabled":true,"_links":{"self":[{"href":"https:\/\/holzartcreativ.ch\/index.php\/wp-json\/wp\/v2\/pages\/10","targetHints":{"allow":["GET"]}}],"collection":[{"href":"https:\/\/holzartcreativ.ch\/index.php\/wp-json\/wp\/v2\/pages"}],"about":[{"href":"https:\/\/holzartcreativ.ch\/index.php\/wp-json\/wp\/v2\/types\/page"}],"author":[{"embeddable":true,"href":"https:\/\/holzartcreativ.ch\/index.php\/wp-json\/wp\/v2\/users\/1"}],"replies":[{"embeddable":true,"href":"https:\/\/holzartcreativ.ch\/index.php\/wp-json\/wp\/v2\/comments?post=10"}],"version-history":[{"count":15,"href":"https:\/\/holzartcreativ.ch\/index.php\/wp-json\/wp\/v2\/pages\/10\/revisions"}],"predecessor-version":[{"id":131,"href":"https:\/\/holzartcreativ.ch\/index.php\/wp-json\/wp\/v2\/pages\/10\/revisions\/131"}],"wp:attachment":[{"href":"https:\/\/holzartcreativ.ch\/index.php\/wp-json\/wp\/v2\/media?parent=10"}],"curies":[{"name":"wp","href":"https:\/\/api.w.org\/{rel}","templated":true}]}}